{"id":8004,"date":"2018-07-29T09:57:30","date_gmt":"2018-07-29T09:57:30","guid":{"rendered":"https:\/\/vklaboratori.com\/enmarcado-madera\/"},"modified":"2020-03-04T19:56:04","modified_gmt":"2020-03-04T18:56:04","slug":"emmarcat-fusta","status":"publish","type":"page","link":"https:\/\/vklaboratori.com\/ca\/emmarcat-fusta\/","title":{"rendered":"Emmarcat fusta"},"content":{"rendered":"<div class=\"row\"  id=\"row-1724215905\">\n\n\t<div id=\"col-1763458145\" class=\"col small-12 large-12\"  >\n\t\t\t\t<div class=\"col-inner\"  >\n\t\t\t\n\t\t\t\n<div class=\"slider-wrapper relative\" id=\"slider-2197099\" >\n    <div class=\"slider slider-nav-circle slider-nav-large slider-nav-light slider-style-normal\"\n        data-flickity-options='{\n            \"cellAlign\": \"center\",\n            \"imagesLoaded\": true,\n            \"lazyLoad\": 1,\n            \"freeScroll\": false,\n            \"wrapAround\": true,\n            \"autoPlay\": 6000,\n            \"pauseAutoPlayOnHover\" : true,\n            \"prevNextButtons\": false,\n            \"contain\" : true,\n            \"adaptiveHeight\" : true,\n            \"dragThreshold\" : 10,\n            \"percentPosition\": true,\n            \"pageDots\": false,\n            \"rightToLeft\": false,\n            \"draggable\": false,\n            \"selectedAttraction\": 0.1,\n            \"parallax\" : 0,\n            \"friction\": 0.6        }'\n        >\n        \n\n  <div class=\"banner has-hover\" id=\"banner-2029785892\">\n          <div class=\"banner-inner fill\">\n        <div class=\"banner-bg fill\" >\n            <img loading=\"lazy\" decoding=\"async\" width=\"850\" height=\"478\" src=\"https:\/\/vklaboratori.com\/wp-content\/uploads\/2018\/07\/ENMARCADO_Madera_Principal.jpg\" class=\"bg attachment-large size-large\" alt=\"\" \/>                        <div class=\"overlay\"><\/div>            \n                    <\/div>\n\t\t\n        <div class=\"banner-layers container\">\n            <div class=\"fill banner-link\"><\/div>            \n   <div id=\"text-box-1189275748\" class=\"text-box banner-layer x50 md-x50 lg-x50 y50 md-y50 lg-y50 res-text\">\n                                <div class=\"text-box-content text dark\">\n              \n              <div class=\"text-inner text-center\">\n                  \n              <\/div>\n           <\/div>\n                            \n<style>\n#text-box-1189275748 {\n  width: 60%;\n}\n#text-box-1189275748 .text-box-content {\n  font-size: 100%;\n}\n@media (min-width:550px) {\n  #text-box-1189275748 {\n    width: 60%;\n  }\n}\n<\/style>\n    <\/div>\n \n        <\/div>\n      <\/div>\n\n            \n<style>\n#banner-2029785892 {\n  padding-top: 467px;\n}\n#banner-2029785892 .overlay {\n  background-color: rgba(0, 0, 0, 0.02);\n}\n#banner-2029785892 .banner-bg img {\n  object-position: 58% 63%;\n}\n<\/style>\n  <\/div>\n\n\n     <\/div>\n\n     <div class=\"loading-spin dark large centered\"><\/div>\n\n\t<\/div>\n\n\n\t\t<\/div>\n\t\t\t\t\t<\/div>\n\n\t\n<\/div>\n\t<div id=\"gap-1959904980\" class=\"gap-element clearfix\" style=\"display:block; height:auto;\">\n\t\t\n<style>\n#gap-1959904980 {\n  padding-top: 50px;\n}\n<\/style>\n\t<\/div>\n\t\n<div class=\"row\"  id=\"row-661949952\">\n\n\t<div id=\"col-621852227\" class=\"col small-12 large-12\"  >\n\t\t\t\t<div class=\"col-inner\"  >\n\t\t\t\n\t\t\t\n<h3 style=\"text-align: left;\"><strong><span style=\"font-size: 100%;\">QU\u00c8 OFERIM?<\/span><\/strong><\/h3>\n<div class=\"is-divider divider clearfix\" style=\"margin-top:0.3em;margin-bottom:0.3em;max-width:180px;height:2px;\"><\/div>\n\t<div id=\"gap-1427715391\" class=\"gap-element clearfix\" style=\"display:block; height:auto;\">\n\t\t\n<style>\n#gap-1427715391 {\n  padding-top: 10px;\n}\n<\/style>\n\t<\/div>\n\t\n<p><span style=\"font-size: 80%;\">Oferim tamb\u00e9 marcs d\u2019alumini xapats en fusta natural, visualment semblen marcs de fusta per\u00f2 son realment d\u2019alumini; se\u2019ls dona la bellesa visual de la fusta i la rigidesa i la lleugeresa de l\u2019alumini, a m\u00e9s a m\u00e9s de tenir un preu m\u00e9s competitiu. Actualment disposem de quatre perfils de diferents colors; tenint aix\u00ed la possibilitat d\u2019obtenir un marc adaptat a cada tipus d\u2019obra.<\/span><\/p>\n\t\t<\/div>\n\t\t\t\t\t<\/div>\n\n\t\n<\/div>\n<div class=\"row align-center\"  id=\"row-387020031\">\n\n\t<div id=\"col-1277468301\" class=\"col small-12 large-12\"  >\n\t\t\t\t<div class=\"col-inner text-left\"  >\n\t\t\t\n\t\t\t\n<h3><strong>TIPUS DE MARCS<\/strong><\/h3>\n<div class=\"is-divider divider clearfix\" style=\"margin-top:0.3em;margin-bottom:0.3em;max-width:95px;height:2px;\"><\/div>\n\t<div id=\"gap-179941654\" class=\"gap-element clearfix\" style=\"display:block; height:auto;\">\n\t\t\n<style>\n#gap-179941654 {\n  padding-top: 10px;\n}\n<\/style>\n\t<\/div>\n\t\n<div class=\"row\"  id=\"row-1389428236\">\n\n\t<div id=\"col-366503732\" class=\"col medium-6 small-12 large-6\"  >\n\t\t\t\t<div class=\"col-inner\"  >\n\t\t\t\n\t\t\t\n<h4 style=\"text-align: left;\"><strong>1060<\/strong><\/h4>\n<p><span style=\"font-size: 80%;\">Disseny estilitzat i perfil fi; mesura 1,6cm x 1,5cm i t\u00e9 un plinton de 0,5cm. Al tractar-se d\u2019un perfil fi, aquest marc nom\u00e9s esta disponible fins a 40cm x 50cm. Disponible en 4 colors: Wengu\u00e9 (Ref.  1060\/117), Roure (Ref. 1060\/115), Noguera Americana (Ref. 1060\/116), Maple (Ref. 1060\/113). <\/span><\/p>\n\t\t<\/div>\n\t\t\t\t\t<\/div>\n\n\t\n\n\t<div id=\"col-168087125\" class=\"col medium-6 small-12 large-6\"  >\n\t\t\t\t<div class=\"col-inner\"  >\n\t\t\t\n\t\t\t\n\t<div class=\"img has-hover x md-x lg-x y md-y lg-y\" id=\"image_1353529444\">\n\t\t\t\t\t\t\t\t<div class=\"img-inner dark\" >\n\t\t\t\t\t\t\t\t\t\n\t\t\t\t\t<\/div>\n\t\t\t\t\t\t\t\t\n<style>\n#image_1353529444 {\n  width: 100%;\n}\n<\/style>\n\t<\/div>\n\t\n\t\t<\/div>\n\t\t\t\t\t<\/div>\n\n\t\n<\/div>\n<div class=\"row\"  id=\"row-192240105\">\n\n\t<div id=\"col-2032733370\" class=\"col small-12 large-12\"  >\n\t\t\t\t<div class=\"col-inner\"  >\n\t\t\t\n\t\t\t\n<div class=\"is-divider divider clearfix\" style=\"max-width:100%;height:2px;\"><\/div>\n<div class=\"row\"  id=\"row-694719351\">\n\n\t<div id=\"col-1522097601\" class=\"col medium-6 small-12 large-6\"  >\n\t\t\t\t<div class=\"col-inner\"  >\n\t\t\t\n\t\t\t\n\t<div class=\"img has-hover x md-x lg-x y md-y lg-y\" id=\"image_746494661\">\n\t\t\t\t\t\t\t\t<div class=\"img-inner dark\" >\n\t\t\t\t\t\t\t\t\t\n\t\t\t\t\t<\/div>\n\t\t\t\t\t\t\t\t\n<style>\n#image_746494661 {\n  width: 100%;\n}\n<\/style>\n\t<\/div>\n\t\n\t\t<\/div>\n\t\t\t\t\t<\/div>\n\n\t\n\n\t<div id=\"col-1611855702\" class=\"col medium-6 small-12 large-6\"  >\n\t\t\t\t<div class=\"col-inner\"  >\n\t\t\t\n\t\t\t\n<h4 style=\"text-align: left;\"><strong>1075<\/strong><\/h4>\n<p><span style=\"font-size: 80%;\">Disseny estilitzat que disposa d\u2019un lateral ampli amb un frontal m\u00e9s aviat prim; mesura 4,7cm x 1,7cm i te un plinton llarg de 3,3cm per tal que l\u2019obra quedi a sota. Disponible en 6 colors diferents. Gris fosc (Ref. 1075\/244), Forja (Ref. 1075\/243), Wengu\u00e9 (Ref. 1075\/117), Noguera Americana (Ref. 1075\/116), \u00d2xid (Ref. 1075\/247), Gris reixat clar (Ref. 1075\/202).<\/span><\/p>\n\t\t<\/div>\n\t\t\t\t\t<\/div>\n\n\t\n<\/div>\n<div class=\"is-divider divider clearfix\" style=\"max-width:100%;height:2px;\"><\/div>\n<div class=\"row\"  id=\"row-728130775\">\n\n\t<div id=\"col-26217605\" class=\"col medium-6 small-12 large-6\"  >\n\t\t\t\t<div class=\"col-inner\"  >\n\t\t\t\n\t\t\t\n<h3><strong>1079<\/strong><\/h3>\n<p><span style=\"font-size: 80%;\">Disseny funcional i minimalista, amb un perfil fi de 2cm x 2cm i amb un plinton de 0,5cm. Disponible en 5 colors diferents. \u00d2xid (Ref. 1079\/247), Gris fosc (Ref. 1079\/244), Forja (Ref. 1079\/243), Gris (Ref. 1079\/242), Gris reixat clar (Ref. 1079\/202). <\/span><\/p>\n\t\t<\/div>\n\t\t\t\t\t<\/div>\n\n\t\n\n\t<div id=\"col-675784392\" class=\"col medium-6 small-12 large-6\"  >\n\t\t\t\t<div class=\"col-inner\"  >\n\t\t\t\n\t\t\t\n\t<div class=\"img has-hover x md-x lg-x y md-y lg-y\" id=\"image_59193431\">\n\t\t\t\t\t\t\t\t<div class=\"img-inner dark\" >\n\t\t\t\t\t\t\t\t\t\n\t\t\t\t\t<\/div>\n\t\t\t\t\t\t\t\t\n<style>\n#image_59193431 {\n  width: 100%;\n}\n<\/style>\n\t<\/div>\n\t\n\t\t<\/div>\n\t\t\t\t\t<\/div>\n\n\t\n<\/div>\n<div class=\"is-divider divider clearfix\" style=\"max-width:100%;height:2px;\"><\/div>\n<div class=\"row\"  id=\"row-2112927369\">\n\n\t<div id=\"col-1555896017\" class=\"col medium-6 small-12 large-6\"  >\n\t\t\t\t<div class=\"col-inner\"  >\n\t\t\t\n\t\t\t\n\t<div class=\"img has-hover x md-x lg-x y md-y lg-y\" id=\"image_559265921\">\n\t\t\t\t\t\t\t\t<div class=\"img-inner dark\" >\n\t\t\t\t\t\t\t\t\t\n\t\t\t\t\t<\/div>\n\t\t\t\t\t\t\t\t\n<style>\n#image_559265921 {\n  width: 100%;\n}\n<\/style>\n\t<\/div>\n\t\n\t\t<\/div>\n\t\t\t\t\t<\/div>\n\n\t\n\n\t<div id=\"col-2129298961\" class=\"col medium-6 small-12 large-6\"  >\n\t\t\t\t<div class=\"col-inner\"  >\n\t\t\t\n\t\t\t\n<h4 style=\"text-align: left;\"><strong>1083<\/strong><\/h4>\n<p><span style=\"font-size: 80%;\">Disseny estilitzat amb un lateral m\u00e9s ampli que el frontal, les seves dimensions son: 3,8cm x 2cm i t\u00e9 un plinton de 0,6cm. Disponible en 6 colors diferents. Gris (Ref. 1083\/242), Maple (Ref. 1083\/113), Faig (Ref. 1083\/114), Roure (Ref. 1083\/115), Wengu\u00e9 (Ref. 1083\/117), Forja (Ref. 1083\/243).<\/span><\/p>\n\t\t<\/div>\n\t\t\t\t\t<\/div>\n\n\t\n<\/div>\n<div class=\"is-divider divider clearfix\" style=\"max-width:100%;height:2px;\"><\/div>\n<div class=\"row\"  id=\"row-1895509859\">\n\n\t<div id=\"col-1294237652\" class=\"col medium-6 small-12 large-6\"  >\n\t\t\t\t<div class=\"col-inner\"  >\n\t\t\t\n\t\t\t\n<h4 style=\"text-align: left;\"><strong>1096<\/strong><\/h4>\n<p><span style=\"font-size: 80%;\">Disseny funcional i minimalista, amb el lateral m\u00e9s ampli que el frontal, les dimensions son: 1,7cm x 3cm i te un plinton de 0,5cm. Disponible en 3 colors. Wengu\u00e9 (Ref. 1096\/117), Noguera Americana (Ref. 1096\/116), Maple (1096\/113). <\/span><\/p>\n\t\t<\/div>\n\t\t\t\t\t<\/div>\n\n\t\n\n\t<div id=\"col-2093054409\" class=\"col medium-6 small-12 large-6\"  >\n\t\t\t\t<div class=\"col-inner\"  >\n\t\t\t\n\t\t\t\n\t<div class=\"img has-hover x md-x lg-x y md-y lg-y\" id=\"image_1148961327\">\n\t\t\t\t\t\t\t\t<div class=\"img-inner dark\" >\n\t\t\t\t\t\t\t\t\t\n\t\t\t\t\t<\/div>\n\t\t\t\t\t\t\t\t\n<style>\n#image_1148961327 {\n  width: 100%;\n}\n<\/style>\n\t<\/div>\n\t\n\t\t<\/div>\n\t\t\t\t\t<\/div>\n\n\t\n<\/div>\n<div class=\"is-divider divider clearfix\" style=\"max-width:100%;height:2px;\"><\/div>\n<div class=\"row\"  id=\"row-2134784827\">\n\n\t<div id=\"col-505605544\" class=\"col medium-6 small-12 large-6\"  >\n\t\t\t\t<div class=\"col-inner\"  >\n\t\t\t\n\t\t\t\n\t<div class=\"img has-hover x md-x lg-x y md-y lg-y\" id=\"image_1865913031\">\n\t\t\t\t\t\t\t\t<div class=\"img-inner dark\" >\n\t\t\t\t\t\t\t\t\t\n\t\t\t\t\t<\/div>\n\t\t\t\t\t\t\t\t\n<style>\n#image_1865913031 {\n  width: 100%;\n}\n<\/style>\n\t<\/div>\n\t\n\t\t<\/div>\n\t\t\t\t\t<\/div>\n\n\t\n\n\t<div id=\"col-2017255225\" class=\"col medium-6 small-12 large-6\"  >\n\t\t\t\t<div class=\"col-inner\"  >\n\t\t\t\n\t\t\t\n<h4 style=\"text-align: left;\"><strong>1099<\/strong><\/h4>\n<p><span style=\"font-size: 80%;\">Disseny estilitzat amb un perfil de lateral i frontal de la mateixa mida. Les seves dimensions son de 3cm x 3cm i te un plinton de 0,6cm. Disponible en color Faig (Ref. 1099\/114). <\/span><\/p>\n\t\t<\/div>\n\t\t\t\t\t<\/div>\n\n\t\n<\/div>\n<div class=\"is-divider divider clearfix\" style=\"max-width:100%;height:2px;\"><\/div>\n<div class=\"row\"  id=\"row-1503403447\">\n\n\t<div id=\"col-111809944\" class=\"col medium-6 small-12 large-6\"  >\n\t\t\t\t<div class=\"col-inner\"  >\n\t\t\t\n\t\t\t\n<h4 style=\"text-align: left;\"><strong>1100<\/strong><\/h4>\n<p><span style=\"font-size: 80%;\">Disseny estilitzat amb un perfil de lateral i frontal de la mateixa mida. Les seves dimensions son 3cm x 3cm i te un plinton de 1,5cm per tal que la obra quedi a sota. Disponible en dos tipus de gris; Gris reixat clar (Ref. 1100\/202) i Gris fosc (Ref. 1100\/244). <\/span><\/p>\n\t\t<\/div>\n\t\t\t\t\t<\/div>\n\n\t\n\n\t<div id=\"col-1675444689\" class=\"col medium-6 small-12 large-6\"  >\n\t\t\t\t<div class=\"col-inner\"  >\n\t\t\t\n\t\t\t\n\t<div class=\"img has-hover x md-x lg-x y md-y lg-y\" id=\"image_1874227168\">\n\t\t\t\t\t\t\t\t<div class=\"img-inner dark\" >\n\t\t\t\t\t\t\t\t\t\n\t\t\t\t\t<\/div>\n\t\t\t\t\t\t\t\t\n<style>\n#image_1874227168 {\n  width: 100%;\n}\n<\/style>\n\t<\/div>\n\t\n\t\t<\/div>\n\t\t\t\t\t<\/div>\n\n\t\n<\/div>\n<div class=\"is-divider divider clearfix\" style=\"max-width:100%;height:2px;\"><\/div>\n<div class=\"row\"  id=\"row-91621511\">\n\n\t<div id=\"col-538243110\" class=\"col medium-6 small-12 large-6\"  >\n\t\t\t\t<div class=\"col-inner\"  >\n\t\t\t\n\t\t\t\n\t<div class=\"img has-hover x md-x lg-x y md-y lg-y\" id=\"image_894142678\">\n\t\t\t\t\t\t\t\t<div class=\"img-inner dark\" >\n\t\t\t\t\t\t\t\t\t\n\t\t\t\t\t<\/div>\n\t\t\t\t\t\t\t\t\n<style>\n#image_894142678 {\n  width: 100%;\n}\n<\/style>\n\t<\/div>\n\t\n\t\t<\/div>\n\t\t\t\t\t<\/div>\n\n\t\n\n\t<div id=\"col-95401871\" class=\"col medium-6 small-12 large-6\"  >\n\t\t\t\t<div class=\"col-inner\"  >\n\t\t\t\n\t\t\t\n<h4 style=\"text-align: left;\"><strong>1130<\/strong><\/h4>\n<p><span style=\"font-size: 80%;\">Disseny estilitzat i minimalista, de lateral i perfil estret. Les seves dimensions son 1,9cm x 1,4cm i te un plinton de 0,3cm. Disponible en 4 colors. Wengu\u00e9 (Ref. 1130\/1137), Roure (Ref. 1130\/1136), Cirerer (Ref. 1130\/1135), Noguera (Ref. 1130\/1130). <\/span><\/p>\n\t\t<\/div>\n\t\t\t\t\t<\/div>\n\n\t\n<\/div>\n<div class=\"is-divider divider clearfix\" style=\"max-width:100%;height:2px;\"><\/div>\n<div class=\"row\"  id=\"row-1289864956\">\n\n\t<div id=\"col-1339954334\" class=\"col medium-6 small-12 large-6\"  >\n\t\t\t\t<div class=\"col-inner\"  >\n\t\t\t\n\t\t\t\n<h4 style=\"text-align: left;\"><strong>1132<\/strong><\/h4>\n<p><span style=\"font-size: 80%;\">Perfil de fusta vernissat, amb un disseny estilitzat i un frontal recte amb unes dimensions de: 1,9cm x 2,9cm i te un plinton de 0,4cm. Disponible en 5 colors diferents. Roure (Ref. 1132\/1636), Noguera (Ref. 1132\/1631), Negre (Ref. 1132\/1632), Wengu\u00e9 (Ref. 1132\/1633), Cirerer (Ref. 1132\/1634). <\/span><\/p>\n\t\t<\/div>\n\t\t\t\t\t<\/div>\n\n\t\n\n\t<div id=\"col-1304166587\" class=\"col medium-6 small-12 large-6\"  >\n\t\t\t\t<div class=\"col-inner\"  >\n\t\t\t\n\t\t\t\n\t<div class=\"img has-hover x md-x lg-x y md-y lg-y\" id=\"image_2139126916\">\n\t\t\t\t\t\t\t\t<div class=\"img-inner dark\" >\n\t\t\t\t\t\t\t\t\t\n\t\t\t\t\t<\/div>\n\t\t\t\t\t\t\t\t\n<style>\n#image_2139126916 {\n  width: 100%;\n}\n<\/style>\n\t<\/div>\n\t\n\t\t<\/div>\n\t\t\t\t\t<\/div>\n\n\t\n<\/div>\n<div class=\"is-divider divider clearfix\" style=\"max-width:100%;height:2px;\"><\/div>\n<div class=\"row\"  id=\"row-1266222140\">\n\n\t<div id=\"col-783604803\" class=\"col medium-6 small-12 large-6\"  >\n\t\t\t\t<div class=\"col-inner\"  >\n\t\t\t\n\t\t\t\n\t<div class=\"img has-hover x md-x lg-x y md-y lg-y\" id=\"image_1257982027\">\n\t\t\t\t\t\t\t\t<div class=\"img-inner dark\" >\n\t\t\t\t\t\t\t\t\t\n\t\t\t\t\t<\/div>\n\t\t\t\t\t\t\t\t\n<style>\n#image_1257982027 {\n  width: 100%;\n}\n<\/style>\n\t<\/div>\n\t\n\t\t<\/div>\n\t\t\t\t\t<\/div>\n\n\t\n\n\t<div id=\"col-923397791\" class=\"col medium-6 small-12 large-6\"  >\n\t\t\t\t<div class=\"col-inner\"  >\n\t\t\t\n\t\t\t\n<h4 style=\"text-align: left;\"><strong>1155<\/strong><\/h4>\n<p><span style=\"font-size: 80%;\">Disseny estilitzat de lateral fi i perfil ample. Les seves dimensions son: 1,6cm x 6cm i te un plinton de 0,5cm. Disponible en color gris fosc (Ref. 155\/244). <\/span><\/p>\n\t\t<\/div>\n\t\t\t\t\t<\/div>\n\n\t\n<\/div>\n<div class=\"is-divider divider clearfix\" style=\"max-width:100%;height:2px;\"><\/div>\n<div class=\"row\"  id=\"row-660149095\">\n\n\t<div id=\"col-855330963\" class=\"col medium-6 small-12 large-6\"  >\n\t\t\t\t<div class=\"col-inner\"  >\n\t\t\t\n\t\t\t\n<h4 style=\"text-align: left;\"><strong>1174<\/strong><\/h4>\n<p><span style=\"font-size: 80%;\">Disseny amb perfil estilitzat i ample, les seves dimensions son de 3cm x 7cm i te un plinton de 0,8cm. Esta disponible en 3 colors. Maple (ref. 1174\/113), Roure (Ref. 1174\/115), Noguera Americana (Ref. 1174\/116). <\/span><\/p>\n\t\t<\/div>\n\t\t\t\t\t<\/div>\n\n\t\n\n\t<div id=\"col-309031802\" class=\"col medium-6 small-12 large-6\"  >\n\t\t\t\t<div class=\"col-inner\"  >\n\t\t\t\n\t\t\t\n\t<div class=\"img has-hover x md-x lg-x y md-y lg-y\" id=\"image_1018599001\">\n\t\t\t\t\t\t\t\t<div class=\"img-inner dark\" >\n\t\t\t\t\t\t\t\t\t\n\t\t\t\t\t<\/div>\n\t\t\t\t\t\t\t\t\n<style>\n#image_1018599001 {\n  width: 100%;\n}\n<\/style>\n\t<\/div>\n\t\n\t\t<\/div>\n\t\t\t\t\t<\/div>\n\n\t\n<\/div>\n<div class=\"is-divider divider clearfix\" style=\"max-width:100%;height:2px;\"><\/div>\n<div class=\"row\"  id=\"row-1261744291\">\n\n\t<div id=\"col-1359367909\" class=\"col medium-6 small-12 large-6\"  >\n\t\t\t\t<div class=\"col-inner\"  >\n\t\t\t\n\t\t\t\n\t<div class=\"img has-hover x md-x lg-x y md-y lg-y\" id=\"image_335720545\">\n\t\t\t\t\t\t\t\t<div class=\"img-inner dark\" >\n\t\t\t\t\t\t\t\t\t\n\t\t\t\t\t<\/div>\n\t\t\t\t\t\t\t\t\n<style>\n#image_335720545 {\n  width: 100%;\n}\n<\/style>\n\t<\/div>\n\t\n\t\t<\/div>\n\t\t\t\t\t<\/div>\n\n\t\n\n\t<div id=\"col-770039832\" class=\"col medium-6 small-12 large-6\"  >\n\t\t\t\t<div class=\"col-inner\"  >\n\t\t\t\n\t\t\t\n<h4 style=\"text-align: left;\"><strong>1237<\/strong><\/h4>\n<p><span style=\"font-size: 80%;\">Disseny de pla recte i a la vegada inclinat que produeix un efecte neutre sense ombres a l\u2019obra emmarcada. Les seves dimensions son: 3cm x 0,4cm i te un plinton bisellat de 2,5cm, es troba disponible en 3 colors. Gris clar (Ref. 1237\/242), Forja (Ref. 1237\/243), \u00d2xid (Ref. 1237\/247).<\/span><\/p>\n\t\t<\/div>\n\t\t\t\t\t<\/div>\n\n\t\n<\/div>\n<div class=\"is-divider divider clearfix\" style=\"max-width:100%;height:2px;\"><\/div>\n<div class=\"row\"  id=\"row-1803439708\">\n\n\t<div id=\"col-96377380\" class=\"col medium-6 small-12 large-6\"  >\n\t\t\t\t<div class=\"col-inner\"  >\n\t\t\t\n\t\t\t\n<h4 style=\"text-align: left;\"><strong>1238<\/strong><\/h4>\n<p><span style=\"font-size: 80%;\">Disseny de pla recte i a la vegada inclinat que produeix un efecte neutre sense ombres a l\u2019obra emmarcada. Les seves dimensions son: 4,7cm x 0,6cm i te un plinton visellat de 4,2cm. Disponible en 3 colors. Wengu\u00e9 (Ref. 1238\/117), Noguera Americana (Ref. 1238\/116), Roure (Ref. 1238\/115). <\/span><\/p>\n\t\t<\/div>\n\t\t\t\t\t<\/div>\n\n\t\n\n\t<div id=\"col-382320086\" class=\"col medium-6 small-12 large-6\"  >\n\t\t\t\t<div class=\"col-inner\"  >\n\t\t\t\n\t\t\t\n\t<div class=\"img has-hover x md-x lg-x y md-y lg-y\" id=\"image_1151515301\">\n\t\t\t\t\t\t\t\t<div class=\"img-inner dark\" >\n\t\t\t\t\t\t\t\t\t\n\t\t\t\t\t<\/div>\n\t\t\t\t\t\t\t\t\n<style>\n#image_1151515301 {\n  width: 100%;\n}\n<\/style>\n\t<\/div>\n\t\n\t\t<\/div>\n\t\t\t\t\t<\/div>\n\n\t\n<\/div>\n<div class=\"is-divider divider clearfix\" style=\"max-width:100%;height:2px;\"><\/div>\n<div class=\"row\"  id=\"row-571313842\">\n\n\t<div id=\"col-1255806816\" class=\"col medium-6 small-12 large-6\"  >\n\t\t\t\t<div class=\"col-inner\"  >\n\t\t\t\n\t\t\t\n\t<div class=\"img has-hover x md-x lg-x y md-y lg-y\" id=\"image_87276895\">\n\t\t\t\t\t\t\t\t<div class=\"img-inner dark\" >\n\t\t\t\t\t\t\t\t\t\n\t\t\t\t\t<\/div>\n\t\t\t\t\t\t\t\t\n<style>\n#image_87276895 {\n  width: 100%;\n}\n<\/style>\n\t<\/div>\n\t\n\t\t<\/div>\n\t\t\t\t\t<\/div>\n\n\t\n\n\t<div id=\"col-15894259\" class=\"col medium-6 small-12 large-6\"  >\n\t\t\t\t<div class=\"col-inner\"  >\n\t\t\t\n\t\t\t\n<h4 style=\"text-align: left;\"><strong>1717<\/strong><\/h4>\n<p><span style=\"font-size: 80%;\">Disseny estilitzat i perfil fi; mesura 1,6cm x 1,5cm i te un plinton de 0,4cm. Degut a la finor del perfil, aquest marc nom\u00e9s esta disponible fins a 40cm x 50cm. Disponible en 4 colors. Wengu\u00e9 (Ref. 1717\/864), Marr\u00f3 reixat (Ref. 1717\/863), Gris marron\u00f3s (Ref. 1717\/865), Crema reixat (Ref. 1717\/862). <\/span><\/p>\n\t\t<\/div>\n\t\t\t\t\t<\/div>\n\n\t\n<\/div>\n<div class=\"is-divider divider clearfix\" style=\"max-width:100%;height:2px;\"><\/div>\n<div class=\"row\"  id=\"row-1489453131\">\n\n\t<div id=\"col-902282407\" class=\"col medium-6 small-12 large-6\"  >\n\t\t\t\t<div class=\"col-inner\"  >\n\t\t\t\n\t\t\t\n<h4 style=\"text-align: left;\"><strong>1853<\/strong><\/h4>\n<p><span style=\"font-size: 80%;\">Disseny estilitzat amb un perfil lateral i frontal de la mateixa mida. Les seves dimensions son 3cm x 3cm i te un plinton de 0,6cm. Disponible en color Negre (Ref. 1853\/14). <\/span><\/p>\n\t\t<\/div>\n\t\t\t\t\t<\/div>\n\n\t\n\n\t<div id=\"col-1508610235\" class=\"col medium-6 small-12 large-6\"  >\n\t\t\t\t<div class=\"col-inner\"  >\n\t\t\t\n\t\t\t\n\t<div class=\"img has-hover x md-x lg-x y md-y lg-y\" id=\"image_1417932491\">\n\t\t\t\t\t\t\t\t<div class=\"img-inner dark\" >\n\t\t\t\t\t\t\t\t\t\n\t\t\t\t\t<\/div>\n\t\t\t\t\t\t\t\t\n<style>\n#image_1417932491 {\n  width: 100%;\n}\n<\/style>\n\t<\/div>\n\t\n\t\t<\/div>\n\t\t\t\t\t<\/div>\n\n\t\n<\/div>\n<div class=\"is-divider divider clearfix\" style=\"max-width:100%;height:2px;\"><\/div>\n<div class=\"row\"  id=\"row-2010424077\">\n\n\t<div id=\"col-2062383577\" class=\"col medium-6 small-12 large-6\"  >\n\t\t\t\t<div class=\"col-inner\"  >\n\t\t\t\n\t\t\t\n\t<div class=\"img has-hover x md-x lg-x y md-y lg-y\" id=\"image_391135821\">\n\t\t\t\t\t\t\t\t<div class=\"img-inner dark\" >\n\t\t\t\t\t\t\t\t\t\n\t\t\t\t\t<\/div>\n\t\t\t\t\t\t\t\t\n<style>\n#image_391135821 {\n  width: 100%;\n}\n<\/style>\n\t<\/div>\n\t\n\t\t<\/div>\n\t\t\t\t\t<\/div>\n\n\t\n\n\t<div id=\"col-999133530\" class=\"col medium-6 small-12 large-6\"  >\n\t\t\t\t<div class=\"col-inner\"  >\n\t\t\t\n\t\t\t\n<h4 style=\"text-align: left;\"><strong>1930<\/strong><\/h4>\n<p><span style=\"font-size: 80%;\">Disseny funcional i minimalista, amb un lateral m\u00e9s ample que el seu perfil. Les dimensions son 3cm x 1,9cm i te un plinton de 0,5cm. Disponible en 4 colors. Marr\u00f3 fosc (Ref. 1930\/852), Marr\u00f3 reixat (Ref. 1930\/849), Beix reixat (Ref. 1930\/850), Crema reixat (Ref. 1930\/851). <\/span><\/p>\n\t\t<\/div>\n\t\t\t\t\t<\/div>\n\n\t\n<\/div>\n<div class=\"is-divider divider clearfix\" style=\"max-width:100%;height:2px;\"><\/div>\n<div class=\"row\"  id=\"row-1019534325\">\n\n\t<div id=\"col-1474268156\" class=\"col medium-6 small-12 large-6\"  >\n\t\t\t\t<div class=\"col-inner\"  >\n\t\t\t\n\t\t\t\n<h4 style=\"text-align: left;\"><strong>7017<\/strong><\/h4>\n<p><span style=\"font-size: 80%;\">Disseny funcional de lateral prim i perfil ample. Les seves dimensions son 1,6cm x 6,9cm i te un plinton dse 0,5cm. Disponible en 3 colors. Crema reixat (Ref. 7017\/846), Marr\u00f3 reixat (Ref. 7017\/847), Marr\u00f3 fosc (Ref. 7017\/845). <\/span><\/p>\n\t\t<\/div>\n\t\t\t\t\t<\/div>\n\n\t\n\n\t<div id=\"col-1051553895\" class=\"col medium-6 small-12 large-6\"  >\n\t\t\t\t<div class=\"col-inner\"  >\n\t\t\t\n\t\t\t\n\t<div class=\"img has-hover x md-x lg-x y md-y lg-y\" id=\"image_1414099\">\n\t\t\t\t\t\t\t\t<div class=\"img-inner dark\" >\n\t\t\t\t\t\t\t\t\t\n\t\t\t\t\t<\/div>\n\t\t\t\t\t\t\t\t\n<style>\n#image_1414099 {\n  width: 100%;\n}\n<\/style>\n\t<\/div>\n\t\n\t\t<\/div>\n\t\t\t\t\t<\/div>\n\n\t\n<\/div>\n\t\t<\/div>\n\t\t\t\t\t<\/div>\n\n\t\n<\/div>\n\t<div id=\"gap-2113143823\" class=\"gap-element clearfix\" style=\"display:block; height:auto;\">\n\t\t\n<style>\n#gap-2113143823 {\n  padding-top: 10px;\n}\n<\/style>\n\t<\/div>\n\t\n\t\t<\/div>\n\t\t\t\t\t<\/div>\n\n\t\n<\/div>\n<div class=\"row\"  id=\"row-60504039\">\n\n\t<div id=\"col-518458001\" class=\"col small-12 large-12\"  >\n\t\t\t\t<div class=\"col-inner\"  >\n\t\t\t\n\t\t\t\n<h3><strong>LACATS<\/strong><\/h3>\n<div class=\"is-divider divider clearfix\" style=\"margin-top:0.3em;margin-bottom:0.3em;max-width:95px;height:2px;\"><\/div>\n\t\t<\/div>\n\t\t\t\t\t<\/div>\n\n\t\n<\/div>\n\t<div id=\"gap-1189765858\" class=\"gap-element clearfix\" style=\"display:block; height:auto;\">\n\t\t\n<style>\n#gap-1189765858 {\n  padding-top: 15px;\n}\n<\/style>\n\t<\/div>\n\t\n<div class=\"row\"  id=\"row-143566025\">\n\n\t<div id=\"col-483482854\" class=\"col small-12 large-12\"  >\n\t\t\t\t<div class=\"col-inner\"  >\n\t\t\t\n\t\t\t\n<div class=\"row\"  id=\"row-914461726\">\n\n\t<div id=\"col-1949323612\" class=\"col medium-6 small-12 large-6\"  >\n\t\t\t\t<div class=\"col-inner\"  >\n\t\t\t\n\t\t\t\n<h4 style=\"text-align: left;\"><strong>114<\/strong><\/h4>\n<p><span style=\"font-size: 80%;\">Disseny estilitzat i minimalista, amb el lateral lleugerament m\u00e9s ample que el frontal del marc. Les dimensions son de 3,2cm x 2cm i te un plinton de 0,5cm. Disponible en color Blanc (Ref. 114\/3100) i en color Negre (Ref. 144\/3200). <\/span><\/p>\n\t\t<\/div>\n\t\t\t\t\t<\/div>\n\n\t\n\n\t<div id=\"col-1323937839\" class=\"col medium-6 small-12 large-6\"  >\n\t\t\t\t<div class=\"col-inner\"  >\n\t\t\t\n\t\t\t\n\t<div class=\"img has-hover x md-x lg-x y md-y lg-y\" id=\"image_249121629\">\n\t\t\t\t\t\t\t\t<div class=\"img-inner dark\" >\n\t\t\t\t\t\t\t\t\t\n\t\t\t\t\t<\/div>\n\t\t\t\t\t\t\t\t\n<style>\n#image_249121629 {\n  width: 100%;\n}\n<\/style>\n\t<\/div>\n\t\n\t\t<\/div>\n\t\t\t\t\t<\/div>\n\n\t\n<\/div>\n<div class=\"is-divider divider clearfix\" style=\"max-width:100%;height:2px;\"><\/div>\n<div class=\"row\"  id=\"row-326584876\">\n\n\t<div id=\"col-1894697781\" class=\"col medium-6 small-12 large-6\"  >\n\t\t\t\t<div class=\"col-inner\"  >\n\t\t\t\n\t\t\t\n\t<div class=\"img has-hover x md-x lg-x y md-y lg-y\" id=\"image_1204264968\">\n\t\t\t\t\t\t\t\t<div class=\"img-inner dark\" >\n\t\t\t\t\t\t\t\t\t\n\t\t\t\t\t<\/div>\n\t\t\t\t\t\t\t\t\n<style>\n#image_1204264968 {\n  width: 100%;\n}\n<\/style>\n\t<\/div>\n\t\n\t\t<\/div>\n\t\t\t\t\t<\/div>\n\n\t\n\n\t<div id=\"col-105072813\" class=\"col medium-6 small-12 large-6\"  >\n\t\t\t\t<div class=\"col-inner\"  >\n\t\t\t\n\t\t\t\n<h4 style=\"text-align: left;\"><strong>648<\/strong><\/h4>\n<p><span style=\"font-size: 80%;\">Disseny funcional i minimalista, amb el lateral i el frontal del mateix ample. Les seves dimensions son 2cm x 2cm i te un plinton de 0,8cm. Disponible en color Blanc (Ref. 648\/3100) i Negre (Ref. 648\/3200).<\/span><\/p>\n\t\t<\/div>\n\t\t\t\t\t<\/div>\n\n\t\n<\/div>\n<div class=\"is-divider divider clearfix\" style=\"max-width:100%;height:2px;\"><\/div>\n<div class=\"row\"  id=\"row-1700220166\">\n\n\t<div id=\"col-2128784205\" class=\"col medium-6 small-12 large-6\"  >\n\t\t\t\t<div class=\"col-inner\"  >\n\t\t\t\n\t\t\t\n<h4 style=\"text-align: left;\"><strong>2112<\/strong><\/h4>\n<p><span style=\"font-size: 80%;\">Disseny estilitzat i perfil prim; mesura 1,7cm x 1,6cm i te un plinton de 0,4cm. Degut a la finor del perfil, aquest marc nom\u00e9s esta disponible fins a 40cm x 50cm. Disponible en dos colors: Blanc (Ref. 2112\/949) Negre (Ref. 2112\/950).<\/span><\/p>\n\t\t<\/div>\n\t\t\t\t\t<\/div>\n\n\t\n\n\t<div id=\"col-1099736124\" class=\"col medium-6 small-12 large-6\"  >\n\t\t\t\t<div class=\"col-inner\"  >\n\t\t\t\n\t\t\t\n\t<div class=\"img has-hover x md-x lg-x y md-y lg-y\" id=\"image_1719513183\">\n\t\t\t\t\t\t\t\t<div class=\"img-inner dark\" >\n\t\t\t\t\t\t\t\t\t\n\t\t\t\t\t<\/div>\n\t\t\t\t\t\t\t\t\n<style>\n#image_1719513183 {\n  width: 100%;\n}\n<\/style>\n\t<\/div>\n\t\n\t\t<\/div>\n\t\t\t\t\t<\/div>\n\n\t\n<\/div>\n<div class=\"is-divider divider clearfix\" style=\"max-width:100%;height:2px;\"><\/div>\n<div class=\"row\"  id=\"row-2037554727\">\n\n\t<div id=\"col-1159825082\" class=\"col medium-6 small-12 large-6\"  >\n\t\t\t\t<div class=\"col-inner\"  >\n\t\t\t\n\t\t\t\n\t<div class=\"img has-hover x md-x lg-x y md-y lg-y\" id=\"image_1228257696\">\n\t\t\t\t\t\t\t\t<div class=\"img-inner dark\" >\n\t\t\t\t\t\t\t\t\t\n\t\t\t\t\t<\/div>\n\t\t\t\t\t\t\t\t\n<style>\n#image_1228257696 {\n  width: 100%;\n}\n<\/style>\n\t<\/div>\n\t\n\t\t<\/div>\n\t\t\t\t\t<\/div>\n\n\t\n\n\t<div id=\"col-1294382849\" class=\"col medium-6 small-12 large-6\"  >\n\t\t\t\t<div class=\"col-inner\"  >\n\t\t\t\n\t\t\t\n<h4 style=\"text-align: left;\"><strong>3131<\/strong><\/h4>\n<p><span style=\"font-size: 80%;\">Disseny de lateral i perfil m\u00e9s ample, les seves dimensions son 3cm x 3cm i te un plinton de 1cm. Disponible en color negre (Ref. 3131\/171).<\/span><\/p>\n\t\t<\/div>\n\t\t\t\t\t<\/div>\n\n\t\n<\/div>\n<div class=\"is-divider divider clearfix\" style=\"max-width:100%;height:2px;\"><\/div>\n<div class=\"row\"  id=\"row-614829362\">\n\n\t<div id=\"col-1494510609\" class=\"col medium-6 small-12 large-6\"  >\n\t\t\t\t<div class=\"col-inner\"  >\n\t\t\t\n\t\t\t\n<h4 style=\"text-align: left;\"><strong>4119 <\/strong><\/h4>\n<p><span style=\"font-size: 80%;\">Disseny de pla recte i a la vegada inclinat que produeix un efecte neutre sense ombres a l\u2019obra emmarcada. Les seves dimensions son: 3,9cm x 0,3cm i te un plinton bisellat de 3,4cm. Disponible en color blanc (Ref. 4119\/2).<\/span><\/p>\n\t\t<\/div>\n\t\t\t\t\t<\/div>\n\n\t\n\n\t<div id=\"col-1332392695\" class=\"col medium-6 small-12 large-6\"  >\n\t\t\t\t<div class=\"col-inner\"  >\n\t\t\t\n\t\t\t\n\t<div class=\"img has-hover x md-x lg-x y md-y lg-y\" id=\"image_134466670\">\n\t\t\t\t\t\t\t\t<div class=\"img-inner dark\" >\n\t\t\t\t\t\t\t\t\t\n\t\t\t\t\t<\/div>\n\t\t\t\t\t\t\t\t\n<style>\n#image_134466670 {\n  width: 100%;\n}\n<\/style>\n\t<\/div>\n\t\n\t\t<\/div>\n\t\t\t\t\t<\/div>\n\n\t\n<\/div>\n<div class=\"is-divider divider clearfix\" style=\"max-width:100%;height:2px;\"><\/div>\n<div class=\"row\"  id=\"row-366958025\">\n\n\t<div id=\"col-1832473241\" class=\"col medium-6 small-12 large-6\"  >\n\t\t\t\t<div class=\"col-inner\"  >\n\t\t\t\n\t\t\t\n\t<div class=\"img has-hover x md-x lg-x y md-y lg-y\" id=\"image_996708216\">\n\t\t\t\t\t\t\t\t<div class=\"img-inner dark\" >\n\t\t\t\t\t\t\t\t\t\n\t\t\t\t\t<\/div>\n\t\t\t\t\t\t\t\t\n<style>\n#image_996708216 {\n  width: 100%;\n}\n<\/style>\n\t<\/div>\n\t\n\t\t<\/div>\n\t\t\t\t\t<\/div>\n\n\t\n\n\t<div id=\"col-381671689\" class=\"col medium-6 small-12 large-6\"  >\n\t\t\t\t<div class=\"col-inner\"  >\n\t\t\t\n\t\t\t\n<h4 style=\"text-align: left;\"><strong>4154<\/strong><\/h4>\n<p><span style=\"font-size: 80%;\">Disseny de pla recte i a la vegada inclinat que produeix un efecte neutre sense ombres a l\u2019obra emmarcada. Les seves dimensions son: 0,4cm x 2,7cm i te un plinton bisellat de 1,5cm. Disponible en dos colors; blanc (Ref. 4154\/2) i Negre (Ref. 4154\/4). <\/span><\/p>\n\t\t<\/div>\n\t\t\t\t\t<\/div>\n\n\t\n<\/div>\n<div class=\"is-divider divider clearfix\" style=\"max-width:100%;height:2px;\"><\/div>\n<div class=\"row\"  id=\"row-807983451\">\n\n\t<div id=\"col-1204743132\" class=\"col medium-6 small-12 large-6\"  >\n\t\t\t\t<div class=\"col-inner\"  >\n\t\t\t\n\t\t\t\n<h4><strong>4016<\/strong><\/h4>\n<p><span style=\"font-size: 80%;\">Disseny de pla recte i a la vegada inclinat que produeix un efecte neutre sense ombres a l\u2019obra emmarcada. Les seves dimensions son 5,9cm x 0,3cm i te un plinton bisellat de 4,8cm. Disponible en color Negre (Ref. 4016\/4). <\/span><\/p>\n\t\t<\/div>\n\t\t\t\t\t<\/div>\n\n\t\n\n\t<div id=\"col-1030504817\" class=\"col medium-6 small-12 large-6\"  >\n\t\t\t\t<div class=\"col-inner\"  >\n\t\t\t\n\t\t\t\n\t<div class=\"img has-hover x md-x lg-x y md-y lg-y\" id=\"image_811586059\">\n\t\t\t\t\t\t\t\t<div class=\"img-inner dark\" >\n\t\t\t\t\t\t\t\t\t\n\t\t\t\t\t<\/div>\n\t\t\t\t\t\t\t\t\n<style>\n#image_811586059 {\n  width: 100%;\n}\n<\/style>\n\t<\/div>\n\t\n\t\t<\/div>\n\t\t\t\t\t<\/div>\n\n\t\n<\/div>\n\t\t<\/div>\n\t\t\t\t\t<\/div>\n\n\t\n<\/div>\n<div class=\"row align-center\"  id=\"row-1220949479\">\n\n\t<div id=\"col-88761940\" class=\"col small-12 large-12\"  >\n\t\t\t\t<div class=\"col-inner text-left\"  >\n\t\t\t\n\t\t\t\n<h3 style=\"text-align: left;\"><strong>Preus<\/strong><\/h3>\n<div class=\"is-divider divider clearfix\" style=\"margin-top:0.3em;margin-bottom:0.3em;max-width:95px;height:2px;\"><\/div>\n\t<div id=\"gap-1127018314\" class=\"gap-element clearfix\" style=\"display:block; height:auto;\">\n\t\t\n<style>\n#gap-1127018314 {\n  padding-top: 10px;\n}\n<\/style>\n\t<\/div>\n\t\n<p style=\"text-align: left;\"><span style=\"font-size: 80%;\">A continuaci\u00f3, podr\u00e0s consultar el nostre llistat de preus:<br \/><\/span><\/p>\n<a href=\"https:\/\/vklaboratori.com\/preus-emmarcat-fusta\/\" target=\"_blank\" class=\"button primary is-small lowercase\" rel=\"noopener\" style=\"border-radius:99px;\">\n\t\t<span>Veure preus<\/span>\n\t<\/a>\n\n\t\t<\/div>\n\t\t\t\t\t<\/div>\n\n\t\n<\/div>\n<div class=\"row\"  id=\"row-403759780\">\n\n\t<div id=\"col-866364869\" class=\"col small-12 large-12\"  >\n\t\t\t\t<div class=\"col-inner\"  >\n\t\t\t\n\t\t\t\n<div class=\"text-center\"><div class=\"is-divider divider clearfix\" style=\"max-width:100%;height:2px;background-color:rgb(212, 212, 212);\"><\/div><\/div>\n\t\t<\/div>\n\t\t\t\t\t<\/div>\n\n\t\n<\/div>\n<h3 style=\"text-align: center;\"><strong>Serveis relacionats<\/strong><\/h3>\n\t<div id=\"gap-228006007\" class=\"gap-element clearfix\" style=\"display:block; height:auto;\">\n\t\t\n<style>\n#gap-228006007 {\n  padding-top: 20px;\n}\n<\/style>\n\t<\/div>\n\t\n<div class=\"row\"  id=\"row-209865605\">\n\n\t<div id=\"col-1654995851\" class=\"col medium-3 small-12 large-3\"  >\n\t\t\t\t<div class=\"col-inner\"  >\n\t\t\t\n\t\t\t\n\t<div class=\"img has-hover x md-x lg-x y md-y lg-y\" id=\"image_267204176\">\n\t\t<a class=\"\" href=\"https:\/\/vklaboratori.com\/ca\/escanejat-analogic\/\" >\t\t\t\t\t\t<div class=\"img-inner dark\" >\n\t\t\t<img loading=\"lazy\" decoding=\"async\" width=\"600\" height=\"600\" src=\"https:\/\/vklaboratori.com\/wp-content\/uploads\/2018\/07\/escaneado-cdr.jpg\" class=\"attachment-large size-large\" alt=\"escaneado cdr\" srcset=\"https:\/\/vklaboratori.com\/wp-content\/uploads\/2018\/07\/escaneado-cdr.jpg 600w, https:\/\/vklaboratori.com\/wp-content\/uploads\/2018\/07\/escaneado-cdr-100x100.jpg 100w, https:\/\/vklaboratori.com\/wp-content\/uploads\/2018\/07\/escaneado-cdr-510x510.jpg 510w, https:\/\/vklaboratori.com\/wp-content\/uploads\/2018\/07\/escaneado-cdr-280x280.jpg 280w, https:\/\/vklaboratori.com\/wp-content\/uploads\/2018\/07\/escaneado-cdr-400x400.jpg 400w, https:\/\/vklaboratori.com\/wp-content\/uploads\/2018\/07\/escaneado-cdr-450x450.jpg 450w\" sizes=\"auto, (max-width: 600px) 100vw, 600px\" \/>\t\t\t\t\t\t\n\t\t\t\t\t<\/div>\n\t\t\t\t\t\t<\/a>\t\t\n<style>\n#image_267204176 {\n  width: 100%;\n}\n<\/style>\n\t<\/div>\n\t\n<p style=\"text-align: center;\"><a href=\"https:\/\/vklaboratori.com\/ca\/escanejat-analogic\/\">ESCANEJAT<\/a><\/p>\n\t\t<\/div>\n\t\t\t\t\t<\/div>\n\n\t\n\n\t<div id=\"col-1044332288\" class=\"col medium-3 small-12 large-3\"  >\n\t\t\t\t<div class=\"col-inner\"  >\n\t\t\t\n\t\t\t\n\t<div class=\"img has-hover x md-x lg-x y md-y lg-y\" id=\"image_1016375378\">\n\t\t<a class=\"\" href=\"https:\/\/vklaboratori.com\/ca\/impressio-fineart-giclee\/\" >\t\t\t\t\t\t<div class=\"img-inner dark\" >\n\t\t\t<img loading=\"lazy\" decoding=\"async\" width=\"600\" height=\"600\" src=\"https:\/\/vklaboratori.com\/wp-content\/uploads\/2018\/07\/FineArt-cdr.jpg\" class=\"attachment-large size-large\" alt=\"\" srcset=\"https:\/\/vklaboratori.com\/wp-content\/uploads\/2018\/07\/FineArt-cdr.jpg 600w, https:\/\/vklaboratori.com\/wp-content\/uploads\/2018\/07\/FineArt-cdr-100x100.jpg 100w, https:\/\/vklaboratori.com\/wp-content\/uploads\/2018\/07\/FineArt-cdr-510x510.jpg 510w, https:\/\/vklaboratori.com\/wp-content\/uploads\/2018\/07\/FineArt-cdr-280x280.jpg 280w, https:\/\/vklaboratori.com\/wp-content\/uploads\/2018\/07\/FineArt-cdr-400x400.jpg 400w, https:\/\/vklaboratori.com\/wp-content\/uploads\/2018\/07\/FineArt-cdr-450x450.jpg 450w\" sizes=\"auto, (max-width: 600px) 100vw, 600px\" \/>\t\t\t\t\t\t\n\t\t\t\t\t<\/div>\n\t\t\t\t\t\t<\/a>\t\t\n<style>\n#image_1016375378 {\n  width: 100%;\n}\n<\/style>\n\t<\/div>\n\t\n<p style=\"text-align: center;\"><a href=\"https:\/\/vklaboratori.com\/ca\/impressio-fineart-giclee\/\">IMPRESSI\u00d3 FINEART GICL\u00c9E<\/a><\/p>\n\t\t<\/div>\n\t\t\t\t\t<\/div>\n\n\t\n\n\t<div id=\"col-230607011\" class=\"col medium-3 small-12 large-3\"  >\n\t\t\t\t<div class=\"col-inner\"  >\n\t\t\t\n\t\t\t\n\t<div class=\"img has-hover x md-x lg-x y md-y lg-y\" id=\"image_1706970393\">\n\t\t<a class=\"\" href=\"https:\/\/vklaboratori.com\/ca\/suports\/\" >\t\t\t\t\t\t<div class=\"img-inner dark\" >\n\t\t\t<img loading=\"lazy\" decoding=\"async\" width=\"600\" height=\"600\" src=\"https:\/\/vklaboratori.com\/wp-content\/uploads\/2018\/07\/soportes.jpg\" class=\"attachment-large size-large\" alt=\"\" srcset=\"https:\/\/vklaboratori.com\/wp-content\/uploads\/2018\/07\/soportes.jpg 600w, https:\/\/vklaboratori.com\/wp-content\/uploads\/2018\/07\/soportes-100x100.jpg 100w, https:\/\/vklaboratori.com\/wp-content\/uploads\/2018\/07\/soportes-510x510.jpg 510w, https:\/\/vklaboratori.com\/wp-content\/uploads\/2018\/07\/soportes-280x280.jpg 280w, https:\/\/vklaboratori.com\/wp-content\/uploads\/2018\/07\/soportes-400x400.jpg 400w, https:\/\/vklaboratori.com\/wp-content\/uploads\/2018\/07\/soportes-450x450.jpg 450w\" sizes=\"auto, (max-width: 600px) 100vw, 600px\" \/>\t\t\t\t\t\t\n\t\t\t\t\t<\/div>\n\t\t\t\t\t\t<\/a>\t\t\n<style>\n#image_1706970393 {\n  width: 100%;\n}\n<\/style>\n\t<\/div>\n\t\n<p style=\"text-align: center;\"><a href=\"https:\/\/vklaboratori.com\/ca\/suports\/\">SUPORTS<\/a><\/p>\n\t\t<\/div>\n\t\t\t\t\t<\/div>\n\n\t\n\n\t<div id=\"col-1233147023\" class=\"col medium-3 small-12 large-3\"  >\n\t\t\t\t<div class=\"col-inner\"  >\n\t\t\t\n\t\t\t\n\t<div class=\"img has-hover x md-x lg-x y md-y lg-y\" id=\"image_1761198130\">\n\t\t<a class=\"\" href=\"https:\/\/vklaboratori.com\/ca\/envia-les-teves-imatges\/\" >\t\t\t\t\t\t<div class=\"img-inner dark\" >\n\t\t\t<img loading=\"lazy\" decoding=\"async\" width=\"600\" height=\"600\" src=\"https:\/\/vklaboratori.com\/wp-content\/uploads\/2018\/07\/envia-tus-imagenes-cdr.jpg\" class=\"attachment-large size-large\" alt=\"\" srcset=\"https:\/\/vklaboratori.com\/wp-content\/uploads\/2018\/07\/envia-tus-imagenes-cdr.jpg 600w, https:\/\/vklaboratori.com\/wp-content\/uploads\/2018\/07\/envia-tus-imagenes-cdr-100x100.jpg 100w, https:\/\/vklaboratori.com\/wp-content\/uploads\/2018\/07\/envia-tus-imagenes-cdr-510x510.jpg 510w, https:\/\/vklaboratori.com\/wp-content\/uploads\/2018\/07\/envia-tus-imagenes-cdr-280x280.jpg 280w, https:\/\/vklaboratori.com\/wp-content\/uploads\/2018\/07\/envia-tus-imagenes-cdr-400x400.jpg 400w, https:\/\/vklaboratori.com\/wp-content\/uploads\/2018\/07\/envia-tus-imagenes-cdr-450x450.jpg 450w\" sizes=\"auto, (max-width: 600px) 100vw, 600px\" \/>\t\t\t\t\t\t\n\t\t\t\t\t<\/div>\n\t\t\t\t\t\t<\/a>\t\t\n<style>\n#image_1761198130 {\n  width: 100%;\n}\n<\/style>\n\t<\/div>\n\t\n<p style=\"text-align: center;\"><a href=\"https:\/\/vklaboratori.com\/ca\/envia-les-teves-imatges\/\">ENVIA LES TEVES IMATGES<\/a><\/p>\n\t\t<\/div>\n\t\t\t\t\t<\/div>\n\n\t\n<\/div>\n","protected":false},"excerpt":{"rendered":"<p>Serveis relacionats<\/p>\n","protected":false},"author":1,"featured_media":0,"parent":0,"menu_order":0,"comment_status":"closed","ping_status":"closed","template":"page-blank.php","meta":{"_joinchat":[],"footnotes":""},"class_list":["post-8004","page","type-page","status-publish","hentry"],"aioseo_notices":[],"aioseo_head":"\n\t\t<!-- All in One SEO 5.0.1.1 - aioseo.com -->\n\t<meta name=\"description\" content=\"QU\u00c8 OFERIM? Oferim tamb\u00e9 marcs d\u2019alumini xapats en fusta natural, visualment semblen marcs de fusta per\u00f2 son realment d\u2019alumini; se\u2019ls dona la bellesa visual de la fusta i la rigidesa i la lleugeresa de l\u2019alumini, a m\u00e9s a m\u00e9s de tenir un preu m\u00e9s competitiu. Actualment disposem de quatre perfils de diferents colors; tenint aix\u00ed \u2022 VisualKorner, Hahnem\u00fchle certified studio.\" \/>\n\t<meta name=\"robots\" content=\"max-image-preview:large\" \/>\n\t<link rel=\"canonical\" href=\"https:\/\/vklaboratori.com\/ca\/emmarcat-fusta\/\" \/>\n\t<meta name=\"generator\" content=\"All in One SEO (AIOSEO) 5.0.1.1\" \/>\n\t\t<meta property=\"og:locale\" content=\"ca_ES\" \/>\n\t\t<meta property=\"og:site_name\" content=\"VisualKorner Photo Lab \u2022 Laboratorio fotogr\u00e1fico especializado en revelado e impresi\u00f3n hahnem\u00fchle\" \/>\n\t\t<meta property=\"og:type\" content=\"article\" \/>\n\t\t<meta property=\"og:title\" content=\"Emmarcat fusta \u2022 VisualKorner Photo Lab\" \/>\n\t\t<meta property=\"og:description\" content=\"QU\u00c8 OFERIM? Oferim tamb\u00e9 marcs d\u2019alumini xapats en fusta natural, visualment semblen marcs de fusta per\u00f2 son realment d\u2019alumini; se\u2019ls dona la bellesa visual de la fusta i la rigidesa i la lleugeresa de l\u2019alumini, a m\u00e9s a m\u00e9s de tenir un preu m\u00e9s competitiu. Actualment disposem de quatre perfils de diferents colors; tenint aix\u00ed \u2022 VisualKorner, Hahnem\u00fchle certified studio.\" \/>\n\t\t<meta property=\"og:url\" content=\"https:\/\/vklaboratori.com\/ca\/emmarcat-fusta\/\" \/>\n\t\t<meta property=\"og:image\" content=\"https:\/\/vklaboratori.com\/wp-content\/uploads\/2018\/08\/1.jpg\" \/>\n\t\t<meta property=\"og:image:secure_url\" content=\"https:\/\/vklaboratori.com\/wp-content\/uploads\/2018\/08\/1.jpg\" \/>\n\t\t<meta property=\"article:published_time\" content=\"2018-07-29T09:57:30+00:00\" \/>\n\t\t<meta property=\"article:modified_time\" content=\"2020-03-04T18:56:04+00:00\" \/>\n\t\t<meta property=\"article:publisher\" content=\"https:\/\/www.facebook.com\/vklaboratori\" \/>\n\t\t<meta name=\"twitter:card\" content=\"summary_large_image\" \/>\n\t\t<meta name=\"twitter:title\" content=\"Emmarcat fusta \u2022 VisualKorner Photo Lab\" \/>\n\t\t<meta name=\"twitter:description\" content=\"QU\u00c8 OFERIM? Oferim tamb\u00e9 marcs d\u2019alumini xapats en fusta natural, visualment semblen marcs de fusta per\u00f2 son realment d\u2019alumini; se\u2019ls dona la bellesa visual de la fusta i la rigidesa i la lleugeresa de l\u2019alumini, a m\u00e9s a m\u00e9s de tenir un preu m\u00e9s competitiu. Actualment disposem de quatre perfils de diferents colors; tenint aix\u00ed \u2022 VisualKorner, Hahnem\u00fchle certified studio.\" \/>\n\t\t<meta name=\"twitter:image\" content=\"https:\/\/vklaboratori.com\/wp-content\/uploads\/2018\/08\/1.jpg\" \/>\n\t\t<script type=\"application\/ld+json\" class=\"aioseo-schema\">\n\t\t\t{\"@context\":\"https:\\\/\\\/schema.org\",\"@graph\":[{\"@type\":\"BreadcrumbList\",\"@id\":\"https:\\\/\\\/vklaboratori.com\\\/ca\\\/emmarcat-fusta\\\/#breadcrumblist\",\"itemListElement\":[{\"@type\":\"ListItem\",\"@id\":\"https:\\\/\\\/vklaboratori.com\\\/ca\\\/#listItem\",\"position\":1,\"name\":\"Inicio\",\"item\":\"https:\\\/\\\/vklaboratori.com\\\/ca\\\/\",\"nextItem\":{\"@type\":\"ListItem\",\"@id\":\"https:\\\/\\\/vklaboratori.com\\\/ca\\\/emmarcat-fusta\\\/#listItem\",\"name\":\"Emmarcat fusta\"}},{\"@type\":\"ListItem\",\"@id\":\"https:\\\/\\\/vklaboratori.com\\\/ca\\\/emmarcat-fusta\\\/#listItem\",\"position\":2,\"name\":\"Emmarcat fusta\",\"previousItem\":{\"@type\":\"ListItem\",\"@id\":\"https:\\\/\\\/vklaboratori.com\\\/ca\\\/#listItem\",\"name\":\"Inicio\"}}]},{\"@type\":\"Organization\",\"@id\":\"https:\\\/\\\/vklaboratori.com\\\/ca\\\/#organization\",\"name\":\"Visualkorner Photo Lab\",\"description\":\"Laboratorio fotogr\\u00e1fico especializado en revelado e impresi\\u00f3n hahnem\\u00fchle\",\"url\":\"https:\\\/\\\/vklaboratori.com\\\/ca\\\/\",\"telephone\":\"+34930107295\",\"logo\":{\"@type\":\"ImageObject\",\"url\":\"https:\\\/\\\/vklaboratori.com\\\/wp-content\\\/uploads\\\/2021\\\/04\\\/LOGO-scaled.jpg\",\"@id\":\"https:\\\/\\\/vklaboratori.com\\\/ca\\\/emmarcat-fusta\\\/#organizationLogo\",\"width\":2560,\"height\":2024},\"image\":{\"@id\":\"https:\\\/\\\/vklaboratori.com\\\/ca\\\/emmarcat-fusta\\\/#organizationLogo\"},\"sameAs\":[\"https:\\\/\\\/www.facebook.com\\\/vklaboratori\",\"https:\\\/\\\/www.instagram.com\\\/visualkorner\\\/\",\"https:\\\/\\\/www.youtube.com\\\/channel\\\/UCbAFSoM8Qbm_0vg8lD0WzOA\",\"https:\\\/\\\/www.linkedin.com\\\/company\\\/vk-photo-lab\\\/\"]},{\"@type\":\"WebPage\",\"@id\":\"https:\\\/\\\/vklaboratori.com\\\/ca\\\/emmarcat-fusta\\\/#webpage\",\"url\":\"https:\\\/\\\/vklaboratori.com\\\/ca\\\/emmarcat-fusta\\\/\",\"name\":\"Emmarcat fusta \\u2022 VisualKorner Photo Lab\",\"description\":\"QU\\u00c8 OFERIM? Oferim tamb\\u00e9 marcs d\\u2019alumini xapats en fusta natural, visualment semblen marcs de fusta per\\u00f2 son realment d\\u2019alumini; se\\u2019ls dona la bellesa visual de la fusta i la rigidesa i la lleugeresa de l\\u2019alumini, a m\\u00e9s a m\\u00e9s de tenir un preu m\\u00e9s competitiu. Actualment disposem de quatre perfils de diferents colors; tenint aix\\u00ed \\u2022 VisualKorner, Hahnem\\u00fchle certified studio.\",\"inLanguage\":\"ca\",\"isPartOf\":{\"@id\":\"https:\\\/\\\/vklaboratori.com\\\/ca\\\/#website\"},\"breadcrumb\":{\"@id\":\"https:\\\/\\\/vklaboratori.com\\\/ca\\\/emmarcat-fusta\\\/#breadcrumblist\"},\"datePublished\":\"2018-07-29T09:57:30+02:00\",\"dateModified\":\"2020-03-04T19:56:04+01:00\"},{\"@type\":\"WebSite\",\"@id\":\"https:\\\/\\\/vklaboratori.com\\\/ca\\\/#website\",\"url\":\"https:\\\/\\\/vklaboratori.com\\\/ca\\\/\",\"name\":\"Visualkorner Photo Lab\",\"description\":\"Laboratorio fotogr\\u00e1fico especializado en revelado e impresi\\u00f3n hahnem\\u00fchle\",\"inLanguage\":\"ca\",\"publisher\":{\"@id\":\"https:\\\/\\\/vklaboratori.com\\\/ca\\\/#organization\"}}]}\n\t\t<\/script>\n\t\t<!-- All in One SEO -->\n\n","aioseo_head_json":{"title":"Emmarcat fusta \u2022 VisualKorner Photo Lab","description":"QU\u00c8 OFERIM? Oferim tamb\u00e9 marcs d\u2019alumini xapats en fusta natural, visualment semblen marcs de fusta per\u00f2 son realment d\u2019alumini; se\u2019ls dona la bellesa visual de la fusta i la rigidesa i la lleugeresa de l\u2019alumini, a m\u00e9s a m\u00e9s de tenir un preu m\u00e9s competitiu. Actualment disposem de quatre perfils de diferents colors; tenint aix\u00ed \u2022 VisualKorner, Hahnem\u00fchle certified studio.","canonical_url":"https:\/\/vklaboratori.com\/ca\/emmarcat-fusta\/","robots":"max-image-preview:large","keywords":"","webmasterTools":{"miscellaneous":""},"schema":{"@context":"https:\/\/schema.org","@graph":[{"@type":"BreadcrumbList","@id":"https:\/\/vklaboratori.com\/ca\/emmarcat-fusta\/#breadcrumblist","itemListElement":[{"@type":"ListItem","@id":"https:\/\/vklaboratori.com\/ca\/#listItem","position":1,"name":"Inicio","item":"https:\/\/vklaboratori.com\/ca\/","nextItem":{"@type":"ListItem","@id":"https:\/\/vklaboratori.com\/ca\/emmarcat-fusta\/#listItem","name":"Emmarcat fusta"}},{"@type":"ListItem","@id":"https:\/\/vklaboratori.com\/ca\/emmarcat-fusta\/#listItem","position":2,"name":"Emmarcat fusta","previousItem":{"@type":"ListItem","@id":"https:\/\/vklaboratori.com\/ca\/#listItem","name":"Inicio"}}]},{"@type":"Organization","@id":"https:\/\/vklaboratori.com\/ca\/#organization","name":"Visualkorner Photo Lab","description":"Laboratorio fotogr\u00e1fico especializado en revelado e impresi\u00f3n hahnem\u00fchle","url":"https:\/\/vklaboratori.com\/ca\/","telephone":"+34930107295","logo":{"@type":"ImageObject","url":"https:\/\/vklaboratori.com\/wp-content\/uploads\/2021\/04\/LOGO-scaled.jpg","@id":"https:\/\/vklaboratori.com\/ca\/emmarcat-fusta\/#organizationLogo","width":2560,"height":2024},"image":{"@id":"https:\/\/vklaboratori.com\/ca\/emmarcat-fusta\/#organizationLogo"},"sameAs":["https:\/\/www.facebook.com\/vklaboratori","https:\/\/www.instagram.com\/visualkorner\/","https:\/\/www.youtube.com\/channel\/UCbAFSoM8Qbm_0vg8lD0WzOA","https:\/\/www.linkedin.com\/company\/vk-photo-lab\/"]},{"@type":"WebPage","@id":"https:\/\/vklaboratori.com\/ca\/emmarcat-fusta\/#webpage","url":"https:\/\/vklaboratori.com\/ca\/emmarcat-fusta\/","name":"Emmarcat fusta \u2022 VisualKorner Photo Lab","description":"QU\u00c8 OFERIM? Oferim tamb\u00e9 marcs d\u2019alumini xapats en fusta natural, visualment semblen marcs de fusta per\u00f2 son realment d\u2019alumini; se\u2019ls dona la bellesa visual de la fusta i la rigidesa i la lleugeresa de l\u2019alumini, a m\u00e9s a m\u00e9s de tenir un preu m\u00e9s competitiu. Actualment disposem de quatre perfils de diferents colors; tenint aix\u00ed \u2022 VisualKorner, Hahnem\u00fchle certified studio.","inLanguage":"ca","isPartOf":{"@id":"https:\/\/vklaboratori.com\/ca\/#website"},"breadcrumb":{"@id":"https:\/\/vklaboratori.com\/ca\/emmarcat-fusta\/#breadcrumblist"},"datePublished":"2018-07-29T09:57:30+02:00","dateModified":"2020-03-04T19:56:04+01:00"},{"@type":"WebSite","@id":"https:\/\/vklaboratori.com\/ca\/#website","url":"https:\/\/vklaboratori.com\/ca\/","name":"Visualkorner Photo Lab","description":"Laboratorio fotogr\u00e1fico especializado en revelado e impresi\u00f3n hahnem\u00fchle","inLanguage":"ca","publisher":{"@id":"https:\/\/vklaboratori.com\/ca\/#organization"}}]},"og:locale":"ca_ES","og:site_name":"VisualKorner Photo Lab \u2022 Laboratorio fotogr\u00e1fico especializado en revelado e impresi\u00f3n hahnem\u00fchle","og:type":"article","og:title":"Emmarcat fusta \u2022 VisualKorner Photo Lab","og:description":"QU\u00c8 OFERIM? Oferim tamb\u00e9 marcs d\u2019alumini xapats en fusta natural, visualment semblen marcs de fusta per\u00f2 son realment d\u2019alumini; se\u2019ls dona la bellesa visual de la fusta i la rigidesa i la lleugeresa de l\u2019alumini, a m\u00e9s a m\u00e9s de tenir un preu m\u00e9s competitiu. Actualment disposem de quatre perfils de diferents colors; tenint aix\u00ed \u2022 VisualKorner, Hahnem\u00fchle certified studio.","og:url":"https:\/\/vklaboratori.com\/ca\/emmarcat-fusta\/","og:image":"https:\/\/vklaboratori.com\/wp-content\/uploads\/2018\/08\/1.jpg","og:image:secure_url":"https:\/\/vklaboratori.com\/wp-content\/uploads\/2018\/08\/1.jpg","article:published_time":"2018-07-29T09:57:30+00:00","article:modified_time":"2020-03-04T18:56:04+00:00","article:publisher":"https:\/\/www.facebook.com\/vklaboratori","twitter:card":"summary_large_image","twitter:title":"Emmarcat fusta \u2022 VisualKorner Photo Lab","twitter:description":"QU\u00c8 OFERIM? Oferim tamb\u00e9 marcs d\u2019alumini xapats en fusta natural, visualment semblen marcs de fusta per\u00f2 son realment d\u2019alumini; se\u2019ls dona la bellesa visual de la fusta i la rigidesa i la lleugeresa de l\u2019alumini, a m\u00e9s a m\u00e9s de tenir un preu m\u00e9s competitiu. Actualment disposem de quatre perfils de diferents colors; tenint aix\u00ed \u2022 VisualKorner, Hahnem\u00fchle certified studio.","twitter:image":"https:\/\/vklaboratori.com\/wp-content\/uploads\/2018\/08\/1.jpg"},"aioseo_meta_data":{"post_id":"8004","title":null,"description":null,"keywords":null,"keyphrases":null,"primary_term":null,"canonical_url":null,"og_title":null,"og_description":null,"og_object_type":"default","og_image_type":"default","og_image_url":null,"og_image_width":null,"og_image_height":null,"og_image_custom_url":null,"og_image_custom_fields":null,"og_video":null,"og_custom_url":null,"og_article_section":null,"og_article_tags":null,"twitter_use_og":false,"twitter_card":"default","twitter_image_type":"default","twitter_image_url":null,"twitter_image_custom_url":null,"twitter_image_custom_fields":null,"twitter_title":null,"twitter_description":null,"schema":{"blockGraphs":[],"customGraphs":[],"default":{"data":{"Article":[],"Course":[],"Dataset":[],"FAQPage":[],"Movie":[],"Person":[],"Product":[],"ProductReview":[],"Car":[],"Recipe":[],"Service":[],"SoftwareApplication":[],"WebPage":[]},"graphName":"","isEnabled":true},"graphs":[],"defaultGraph":"","defaultPostTypeGraph":""},"schema_type":null,"schema_type_options":null,"pillar_content":false,"robots_default":true,"robots_noindex":false,"robots_noarchive":false,"robots_nosnippet":false,"robots_nofollow":false,"robots_noimageindex":false,"robots_noodp":false,"robots_notranslate":false,"robots_max_snippet":null,"robots_max_videopreview":null,"robots_max_imagepreview":"large","priority":null,"frequency":null,"local_seo":null,"breadcrumb_settings":null,"limit_modified_date":false,"ai":null,"created":"2021-05-04 08:48:53","updated":"2025-06-20 20:14:49","seo_analyzer_scan_date":null,"focus_keyword":null,"additional_keywords":null,"truseo_locale":null},"_links":{"self":[{"href":"https:\/\/vklaboratori.com\/ca\/wp-json\/wp\/v2\/pages\/8004","targetHints":{"allow":["GET"]}}],"collection":[{"href":"https:\/\/vklaboratori.com\/ca\/wp-json\/wp\/v2\/pages"}],"about":[{"href":"https:\/\/vklaboratori.com\/ca\/wp-json\/wp\/v2\/types\/page"}],"author":[{"embeddable":true,"href":"https:\/\/vklaboratori.com\/ca\/wp-json\/wp\/v2\/users\/1"}],"replies":[{"embeddable":true,"href":"https:\/\/vklaboratori.com\/ca\/wp-json\/wp\/v2\/comments?post=8004"}],"version-history":[{"count":0,"href":"https:\/\/vklaboratori.com\/ca\/wp-json\/wp\/v2\/pages\/8004\/revisions"}],"wp:attachment":[{"href":"https:\/\/vklaboratori.com\/ca\/wp-json\/wp\/v2\/media?parent=8004"}],"curies":[{"name":"wp","href":"https:\/\/api.w.org\/{rel}","templated":true}]}}